{"id":5301,"date":"2016-09-05T12:39:45","date_gmt":"2016-09-05T10:39:45","guid":{"rendered":"https:\/\/www.espresso0039.de\/worpre\/?page_id=5301&#038;lang=it"},"modified":"2019-03-27T02:46:20","modified_gmt":"2019-03-27T01:46:20","slug":"home-page","status":"publish","type":"page","link":"https:\/\/www.espresso0039.de\/it\/","title":{"rendered":"Home Page"},"content":{"rendered":"<div class=\"wpb-content-wrapper\">[mk_page_section bg_image=&#8221;https:\/\/www.espresso0039.de\/wp-content\/uploads\/2016\/09\/start6.jpg&#8221; bg_repeat=&#8221;no-repeat&#8221; bg_stretch=&#8221;true&#8221; min_height=&#8221;0&#8243; full_height=&#8221;true&#8221; padding_top=&#8221;200&#8243; padding_bottom=&#8221;60&#8243; first_page=&#8221;false&#8221; last_page=&#8221;false&#8221; sidebar=&#8221;sidebar-1&#8243;][vc_column][vc_single_image image=&#8221;5360&#8243; img_size=&#8221;600&#215;419&#8243; alignment=&#8221;center&#8221;][\/vc_column][\/mk_page_section][mk_page_section bg_image=&#8221;https:\/\/www.espresso0039.de\/wp-content\/uploads\/2016\/09\/bild2a.jpg&#8221; bg_repeat=&#8221;no-repeat&#8221; bg_stretch=&#8221;true&#8221; min_height=&#8221;0&#8243; full_height=&#8221;true&#8221; padding_top=&#8221;200&#8243; padding_bottom=&#8221;60&#8243; first_page=&#8221;false&#8221; last_page=&#8221;false&#8221; sidebar=&#8221;sidebar-1&#8243;][vc_column][vc_column_text align=&#8221;center&#8221;][\/vc_column_text][vc_row_inner][vc_column_inner width=&#8221;1\/2&#8243;][\/vc_column_inner][vc_column_inner width=&#8221;1\/2&#8243; css=&#8221;.vc_custom_1473234178241{background-color: #ffffff !important;}&#8221;][vc_column_text]\n<h2><span style=\"color: #ef7204;\">&#8220;MEET YOUR COFFEE&#8221;\u00a0<\/span><\/h2>\n<p>incontriamoci &#8230;incontriamoci a casa, al bar, in ltalia o all&#8217; estero.<br \/>\nConnessi alla vera cultura dell\u2019espresso tutta Made in ltaly.[\/vc_column_text][\/vc_column_inner][\/vc_row_inner][\/vc_column][\/mk_page_section][vc_row attached=&#8221;true&#8221; column_padding=&#8221;3&#8243; css=&#8221;.vc_custom_1473243890440{padding-top: 3px !important;padding-right: 3px !important;padding-bottom: 3px !important;padding-left: 3px !important;}&#8221;][vc_column width=&#8221;1\/2&#8243;][mk_image src=&#8221;https:\/\/demos.artbees.net\/jupiter5\/arche\/wp-content\/uploads\/sites\/36\/2015\/05\/cafe-yard.jpg&#8221; align=&#8221;center&#8221; animation=&#8221;left-to-right&#8221; crop=&#8221;false&#8221;][\/vc_column][vc_column width=&#8221;1\/2&#8243;][mk_image src=&#8221;https:\/\/demos.artbees.net\/jupiter5\/arche\/wp-content\/uploads\/sites\/36\/2015\/05\/divider2.png&#8221; image_width=&#8221;77&#8243; image_height=&#8221;2&#8243; margin_bottom=&#8221;20&#8243;][vc_column_text]\n<h2><span style=\"color: #ef7204;\">0039 \u2026 incontriamoci<\/span><\/h2>\n<p>Da sempre il caff\u00e8 espresso \u00e8 il simbolo del nostro Bel Paese e del carattere conviviale degli italiani che lo hanno eletto protagonista assoluto della loro quotidianit\u00e0. In famiglia, con gli amici o con I colleghi, I\u00b4espresso riesce sempre a trasformare ogni momento della giornata in un\u00b4imperdibile occasione di aggregazione. 0039 \u00e8 il direct link con la cultura del buon caff\u00e8 espresso italiano cos\u00ec come il prefisso telefonico internazionale 0039 mette in con-tatto ogni angolo della Terra con I\u00b4Italia. Grazie ad un mix di tradizione ed innovazione, 0039 spinge il tipi-co espresso italiano al di l\u00e0 dei confini nazionali regalando la possibilit\u00e0 di \u201cincontrare\u201d in ogni parte del mondo la vera cultura ed atmosfera italiana<br \/>\nOvunque ti trovi: \u201cMEET 0039 COFFE\u201d.<br \/>\n[\/vc_column_text][\/vc_column][\/vc_row][vc_row padding=&#8221;0&#8243;][vc_column][mk_padding_divider size=&#8221;60&#8243;][\/vc_column][\/vc_row][vc_row attached=&#8221;true&#8221; column_padding=&#8221;3&#8243; css=&#8221;.vc_custom_1448012111838{padding-top: 3px !important;padding-right: 3px !important;padding-bottom: 3px !important;padding-left: 3px !important;}&#8221;][vc_column width=&#8221;1\/2&#8243;][mk_image src=&#8221;https:\/\/demos.artbees.net\/jupiter5\/arche\/wp-content\/uploads\/sites\/36\/2015\/05\/divider2.png&#8221; image_width=&#8221;77&#8243; image_height=&#8221;2&#8243; margin_bottom=&#8221;20&#8243;][vc_column_text disable_pattern=&#8221;false&#8221;]\n<h2><span style=\"color: #ef7204;\">COFFEE EXPERIENCE<\/span><\/h2>\n<p>La Coffee Specialist Team (C.S.T.) rappresenta la naturale evoluzione dell&#8217;esperienza di tre generazioni di torrefattori. \u00c9 un progetto innovativo che unisce la tradizione familiare al dinamismo di un team giovane e tutto al femminile con Antonella, Alessandra e Cinzia.<br \/>\nLa perfetta combinazione di anni di esperienza e giovane freschezza, regala prodotti dal &#8220;carattere&#8221; deciso e frizzante.<br \/>\n[\/vc_column_text][\/vc_column][vc_column width=&#8221;1\/2&#8243;][mk_image src=&#8221;https:\/\/demos.artbees.net\/jupiter5\/arche\/wp-content\/uploads\/sites\/36\/2015\/05\/coffe-bag.jpg&#8221; align=&#8221;center&#8221; margin_bottom=&#8221;0&#8243; animation=&#8221;right-to-left&#8221; crop=&#8221;false&#8221;][\/vc_column][\/vc_row][mk_page_section bg_image=&#8221;https:\/\/www.espresso0039.de\/wp-content\/uploads\/2016\/09\/home-bg-3.jpg&#8221; attachment=&#8221;fixed&#8221; bg_position=&#8221;center top&#8221; bg_repeat=&#8221;no-repeat&#8221; bg_stretch=&#8221;true&#8221; video_color_mask=&#8221;#ffffff&#8221; video_opacity=&#8221;0.8&#8243; min_height=&#8221;0&#8243; full_width=&#8221;true&#8221; padding_top=&#8221;0&#8243; padding_bottom=&#8221;0&#8243; section_id=&#8221;quality&#8221; first_page=&#8221;false&#8221; last_page=&#8221;false&#8221; sidebar=&#8221;sidebar-1&#8243;][vc_column][mk_padding_divider size=&#8221;160&#8243;][\/vc_column][\/mk_page_section][mk_page_section bg_image=&#8221;https:\/\/espresso0039.de\/worpre\/wp-content\/uploads\/2015\/05\/Bild3.jpg&#8221; bg_repeat=&#8221;no-repeat&#8221; bg_stretch=&#8221;true&#8221; full_height=&#8221;true&#8221; padding_top=&#8221;120&#8243; padding_bottom=&#8221;80&#8243; top_shape_color=&#8221;#ffffff&#8221; bottom_shape_color=&#8221;#ffffff&#8221; predefined_bg=&#8221;&#8221; first_page=&#8221;false&#8221; last_page=&#8221;false&#8221; sidebar=&#8221;sidebar-1&#8243;][vc_column width=&#8221;1\/3&#8243;][vc_column_text]\n<h2><span style=\"color: #ef7204;\">Our QUALITY &#8230; at 360\u00b0.<\/span><\/h2>\n<p>Dalla sapienza della tradizione e dal dinamismo dell&#8217;innovazione nasce un&#8217;azienda che ha come primario obiettivo la soddisfazione a 360 gradi del cliente, anticipandone\u00a0le esigenze. Gli elevatissimi standard qualitativi del processo produttivo, certificati dal Sistema di Qualit\u00e0 ISO 9001, garantiscono un prodotto unico e di pregio. La formula del successo di Espresso 0039 \u00e8 il connubio tra qualit\u00e0, esperienza nel settore, eccellenza del servizio tecnico e formazione.[\/vc_column_text][\/vc_column][vc_column width=&#8221;1\/3&#8243;][\/vc_column][vc_column width=&#8221;1\/3&#8243;][\/vc_column][\/mk_page_section][mk_page_section bg_image=&#8221;https:\/\/www.espresso0039.de\/wp-content\/uploads\/2016\/09\/bild4a.jpg&#8221; attachment=&#8221;fixed&#8221; bg_position=&#8221;center top&#8221; bg_repeat=&#8221;no-repeat&#8221; bg_stretch=&#8221;true&#8221; video_color_mask=&#8221;#ffffff&#8221; video_opacity=&#8221;0.5&#8243; min_height=&#8221;0&#8243; full_width=&#8221;true&#8221; padding_top=&#8221;0&#8243; padding_bottom=&#8221;0&#8243; first_page=&#8221;false&#8221; last_page=&#8221;false&#8221; sidebar=&#8221;sidebar-1&#8243;][vc_column][mk_padding_divider size=&#8221;160&#8243;][\/vc_column][\/mk_page_section][mk_page_section bg_color=&#8221;#ffffff&#8221; padding_top=&#8221;30&#8243; padding_bottom=&#8221;30&#8243; section_id=&#8221;plant&#8221; first_page=&#8221;false&#8221; last_page=&#8221;false&#8221; sidebar=&#8221;sidebar-1&#8243;][vc_column][mk_padding_divider size=&#8221;160&#8243;][vc_row_inner][vc_column_inner width=&#8221;1\/2&#8243;][mk_image src=&#8221;https:\/\/www.espresso0039.de\/wp-content\/uploads\/2015\/05\/cartina_mondo.png&#8221;][\/vc_column_inner][vc_column_inner width=&#8221;1\/2&#8243; css=&#8221;.vc_custom_1472461559395{margin-right: 100px !important;}&#8221;][vc_column_text]\n<h2><span style=\"color: #ef7204;\">MEET OUR PLANT<\/span><\/h2>\n<p><strong><em>Il nostro STABILIMENTO &#8230; numeri &#8220;green&#8221;.<\/em><\/strong><\/p>\n<p>Il continuo e costante aggiornamento degli impianti e delle tecniche di produzione fanno s\u00ec che l&#8217;azienda sia un vero e proprio polo d&#8217;eccellenza nel settore.<br \/>\nGrazie ad un impianto fotovoltaico e ad un efficiente sistema di recupero dei fumi di scarico il processo produttivo ha raggiunto i pi\u00f9 elevati standard industriali nel pieno rispetto dei principi dello sviluppo sostenibile e della salvaguardia ambientale. Lo stabilimento di produzione si sviluppa su di un&#8217;area totale di circa 15.000 mq, di cui 10.000 coperti ed \u00e8 dotato di 9 linee di confezionamento, con una produzione annua di oltre 2.000 tonnellate di caff\u00e8 tostato. Tali caratteristiche permettono alla C.S.T. di soddisfare con puntualit\u00e0, efficienza e professionalit\u00e0 la propria clientela in Italia e all&#8217;estero.<br \/>\n[\/vc_column_text][\/vc_column_inner][\/vc_row_inner][mk_padding_divider size=&#8221;160&#8243;][\/vc_column][\/mk_page_section][mk_page_section bg_image=&#8221;https:\/\/www.espresso0039.de\/wp-content\/uploads\/2016\/09\/bild5a.jpg&#8221; attachment=&#8221;fixed&#8221; bg_position=&#8221;center top&#8221; bg_repeat=&#8221;no-repeat&#8221; bg_stretch=&#8221;true&#8221; video_color_mask=&#8221;#ffffff&#8221; video_opacity=&#8221;0.5&#8243; min_height=&#8221;0&#8243; full_width=&#8221;true&#8221; padding_top=&#8221;0&#8243; padding_bottom=&#8221;0&#8243; first_page=&#8221;false&#8221; last_page=&#8221;false&#8221; sidebar=&#8221;sidebar-1&#8243;][vc_column][mk_padding_divider size=&#8221;160&#8243;][\/vc_column][\/mk_page_section][mk_page_section bg_color=&#8221;#ffffff&#8221; padding_top=&#8221;30&#8243; padding_bottom=&#8221;30&#8243; section_id=&#8221;training&#8221; first_page=&#8221;false&#8221; last_page=&#8221;false&#8221; sidebar=&#8221;sidebar-1&#8243;][vc_column][vc_row_inner css=&#8221;.vc_custom_1472464162374{margin-top: 30px !important;}&#8221;][vc_column_inner width=&#8221;1\/2&#8243;][mk_image src=&#8221;https:\/\/espresso0039.de\/worpre\/wp-content\/uploads\/2015\/05\/Bild7.jpg&#8221; image_size=&#8221;full&#8221;][\/vc_column_inner][vc_column_inner width=&#8221;1\/2&#8243; css=&#8221;.vc_custom_1472461559395{margin-right: 100px !important;}&#8221;][vc_column_text]\n<h2><span style=\"color: #ef7204;\">EXPERIENCE OUR TRAINING<\/span><\/h2>\n<p><strong><em>Formiamo la tua creativit\u00e0.<\/em><\/strong><\/p>\n<p>Grazie ad un&#8217;apposita area training dotata di dispositivi multimediali e zone di sperimentazione pratica \u00e8 possibile fare tesoro del patrimonio di conoscenze acquisito dalla Coffee Specialist Team ed avere la possibilit\u00e0 di apprezzare la vera cultura del buon caff\u00e8 espresso italiano. La dedizione totale alle esigenze del cliente si esprime al meglio nell&#8217;opera di formazione ad esso destinata.<br \/>\n[\/vc_column_text][\/vc_column_inner][\/vc_row_inner][mk_padding_divider size=&#8221;160&#8243;][\/vc_column][\/mk_page_section][vc_row fullwidth=&#8221;true&#8221;][vc_column][mk_gallery images=&#8221;5189,5190&#8243; column=&#8221;2&#8243; image_size=&#8221;full&#8221; hover_scenarios=&#8221;none&#8221; item_spacing=&#8221;0&#8243; margin_bottom=&#8221;0&#8243;][\/vc_column][\/vc_row][mk_page_section bg_color=&#8221;#ffffff&#8221; padding_top=&#8221;30&#8243; padding_bottom=&#8221;30&#8243; section_id=&#8221;products&#8221; first_page=&#8221;false&#8221; last_page=&#8221;false&#8221; sidebar=&#8221;sidebar-1&#8243;][vc_column][mk_padding_divider size=&#8221;160&#8243;][vc_row_inner][vc_column_inner width=&#8221;1\/2&#8243;][vc_column_text]\n<h2><span style=\"color: #ef7204;\">MEET OUR\u00a0PRODUCTS<\/span><\/h2>\n<p><span style=\"color: #333300;\"><em><strong>I nostri prodotti. Una &#8220;miscela&#8221; di emozioni.<\/strong><\/em><\/span><\/p>\n<p>L\u00b4ampia gamma di prodotti offerta spazia dalle miscele Bar per uso professionale al caff\u00e8 destinato alla vendita al dettaglio. Inoltre, il consolidato sistema a cialde ed a capsule Espresso 0039, abbinati ad un&#8217;elegante linea di macchine espresso dal design accattivante, garantiscono l&#8217;esperienza unica di gustare il vero espresso italiano in casa cos\u00ec come al bar. Un&#8217; indimenticabile pausa caff\u00e8 resa ancor pi\u00f9 piacevole da i nostri deliziosi prodotti di confetteria.[\/vc_column_text][\/vc_column_inner][vc_column_inner width=&#8221;1\/2&#8243; css=&#8221;.vc_custom_1472461559395{margin-right: 100px !important;}&#8221;][mk_image src=&#8221;https:\/\/www.espresso0039.de\/wp-content\/uploads\/2015\/05\/Bild6.jpg&#8221; image_width=&#8221;500&#8243;][\/vc_column_inner][\/vc_row_inner][\/vc_column][\/mk_page_section][mk_page_section attachment=&#8221;fixed&#8221; bg_position=&#8221;center top&#8221; bg_repeat=&#8221;no-repeat&#8221; bg_stretch=&#8221;true&#8221; video_color_mask=&#8221;#ffffff&#8221; video_opacity=&#8221;0.5&#8243; min_height=&#8221;0&#8243; full_width=&#8221;true&#8221; padding_top=&#8221;0&#8243; padding_bottom=&#8221;0&#8243; section_id=&#8221;coffees&#8221; first_page=&#8221;false&#8221; last_page=&#8221;false&#8221; sidebar=&#8221;sidebar-1&#8243;][vc_column][mk_padding_divider size=&#8221;30&#8243;][\/vc_column][\/mk_page_section][vc_row id=&#8221;coffes&#8221;][vc_column][vc_row_inner][vc_column_inner width=&#8221;1\/2&#8243; css=&#8221;.vc_custom_1472807754685{margin-top: 0px !important;margin-right: 0px !important;margin-bottom: 0px !important;margin-left: 0px !important;border-top-width: 0px !important;border-right-width: 0px !important;border-bottom-width: 0px !important;border-left-width: 0px !important;border-left-color: #e5e5e5 !important;border-left-style: solid !important;border-right-color: #e5e5e5 !important;border-right-style: solid !important;border-top-color: #e5e5e5 !important;border-top-style: solid !important;border-bottom-color: #e5e5e5 !important;border-bottom-style: solid !important;border-radius: 5px !important;}&#8221;][vc_single_image image=&#8221;5230&#8243; img_size=&#8221;full&#8221; style=&#8221;vc_box_shadow&#8221;][vc_column_text]\n<h2 style=\"text-align: center;\">Hi-tech 3 Kg<\/h2>\n<h4 style=\"text-align: center;\">(latta\/can)<\/h4>\n<p><strong>100%Arabica:<\/strong>una miscela Arabica dall&#8217;elegante aromaticit\u00e0 con un&#8217;acidit\u00e0 ben bilanciata ed un retrogusto pulito. Presenta interessanti note di fruttato ed un sentore di cacao dolce. \u00c8 un caff\u00e8 100% Arabica dal corpo ben equilibrato e un aroma intenso.<\/p>\n<p><strong>Delicious:<\/strong> un caff\u00e8 con una grande uniformit\u00e0 aromatica realizzato con mono origini selezionate e provenienti prevalentemente dal centro America. Presenta una grande personalit\u00e0, un aroma deciso ed elegante con un fine retrogusto dolce-speziato.<br \/>\n[\/vc_column_text][\/vc_column_inner][vc_column_inner width=&#8221;1\/2&#8243; css=&#8221;.vc_custom_1472807845310{margin: 0px !important;border: 0px solid #e5e5e5 !important;border-radius: 5px !important;}&#8221;][vc_single_image image=&#8221;5229&#8243; img_size=&#8221;full&#8221; style=&#8221;vc_box_shadow&#8221;][vc_column_text]\n<h2 style=\"text-align: center;\">Hi-tech 1 Kg<\/h2>\n<h4 style=\"text-align: center;\">(latta\/can)<\/h4>\n<p><strong>Decaffeinato:<\/strong> Un caff\u00e8 piacevole ed equilibrato con un retrogusto persistente, regala sentori di cacao ed un sapore ben bilanciato ed armonico. Decaffeinated: A nice balanced coffee with along aftertaste, offering up a subtle aroma of cocoa and a we\/1-balanced, harmonious flavour.[\/vc_column_text][\/vc_column_inner][\/vc_row_inner][vc_separator][vc_row_inner][vc_column_inner width=&#8221;1\/2&#8243;][vc_single_image image=&#8221;5228&#8243; img_size=&#8221;full&#8221; style=&#8221;vc_box_shadow&#8221;][vc_column_text]\n<h2 style=\"text-align: center;\">Hi-tech 250 gr<\/h2>\n<h4 style=\"text-align: center;\">(latta)<\/h4>\n<p><strong>100% Arabica: <\/strong>una miscela Arabica dall&#8217;elegante aromaticit\u00e0, con un&#8217; acidit\u00e0 ben bilanciata ed un retrogusto pulito. Presenta interessanti note di fruttato ed un sentore di cacao dolce. \u00c8 un caff\u00e8 100% Arabica dal corpo ben equilibrato ed un aroma intenso.[\/vc_column_text][\/vc_column_inner][vc_column_inner width=&#8221;1\/2&#8243;][vc_single_image image=&#8221;5231&#8243; img_size=&#8221;full&#8221; style=&#8221;vc_box_shadow&#8221;][vc_column_text]\n<h2 style=\"text-align: center;\">Capsule e cialde<\/h2>\n<p>Il nostro consolidato sistema a cialde e le nostre nuove capsule compatibili Espresso 0039 rispondono ai pi\u00f9 elevati standard qualitativi e si completano con un&#8217;elegante linea di macchine espresso per la famiglia e per i pi\u00f9 esigenti professionisti.<br \/>\n[\/vc_column_text][\/vc_column_inner][\/vc_row_inner][vc_separator][vc_row_inner][vc_column_inner width=&#8221;1\/2&#8243;][vc_single_image image=&#8221;5227&#8243; img_size=&#8221;full&#8221; style=&#8221;vc_box_shadow&#8221;][vc_column_text]\n<h2 style=\"text-align: center;\">Classic 1 Kg<\/h2>\n<h4 style=\"text-align: center;\">(grani)<\/h4>\n<p>Una miscela dal gusto di nocciole tostate ed un retrogusto cioccolatoso. Presenta un&#8217;ottima cremosit\u00e0 ed un corpo perfettamente bilanciato denso ed intenso.<br \/>\n[\/vc_column_text][\/vc_column_inner][vc_column_inner width=&#8221;1\/2&#8243;][vc_single_image image=&#8221;5226&#8243; img_size=&#8221;full&#8221; style=&#8221;vc_box_shadow&#8221;][vc_column_text]\n<h2 style=\"text-align: center;\">Special 1 Kg<\/h2>\n<h4 style=\"text-align: center;\">(grani)<\/h4>\n<p>Una miscela molto equilibrata con una tessitura uniforme e persistente ed una dolcezza matura. Regala un gusto che ricorda la prugna secca con piacevoli note di cioccolato e zucchero di canna.<br \/>\n[\/vc_column_text][\/vc_column_inner][\/vc_row_inner][vc_separator][vc_row_inner][vc_column_inner width=&#8221;1\/2&#8243;][vc_single_image image=&#8221;5224&#8243; img_size=&#8221;full&#8221; style=&#8221;vc_box_shadow&#8221;][vc_column_text]\n<h2 style=\"text-align: center;\">Supreme 1 Kg<\/h2>\n<h4 style=\"text-align: center;\">(grani)<\/h4>\n<p>Un caff\u00e8 ricco di aromi che vanno dal caramello alla mandorla tostata. Presenta un\u2019acidit\u00e0 fresca e ben bilanciata, un aroma floreale ed una finitura pulita. Interessanti sono le note di vaniglia e caramello tendenti leggermente al cacao.<br \/>\n[\/vc_column_text][\/vc_column_inner][vc_column_inner width=&#8221;1\/2&#8243;][vc_single_image image=&#8221;5225&#8243; img_size=&#8221;full&#8221; style=&#8221;vc_box_shadow&#8221;][vc_column_text]\n<h2 style=\"text-align: center;\">Prestige 1 Kg<\/h2>\n<h4 style=\"text-align: center;\">(grani)<\/h4>\n<p><strong>100% Arabica: <\/strong>una miscela Arabica dall&#8217;elegante aromaticit\u00e0, con un&#8217; acidit\u00e0 ben bilanciata ed un retrogusto pulito. Presenta interessanti note di fruttato ed un sentore di cacao dolce. \u00c8 un caff\u00e8 100% Arabica dal corpo ben equilibrato e un aroma intenso.<br \/>\n[\/vc_column_text][\/vc_column_inner][\/vc_row_inner][\/vc_column][\/vc_row][mk_page_section bg_image=&#8221;https:\/\/www.espresso0039.de\/wp-content\/uploads\/2016\/09\/frankfurt-1033408_1920a.jpg&#8221; attachment=&#8221;fixed&#8221; bg_position=&#8221;center top&#8221; bg_repeat=&#8221;no-repeat&#8221; bg_stretch=&#8221;true&#8221; video_color_mask=&#8221;#ffffff&#8221; video_opacity=&#8221;0.5&#8243; min_height=&#8221;0&#8243; full_width=&#8221;true&#8221; padding_top=&#8221;0&#8243; padding_bottom=&#8221;0&#8243; section_id=&#8221;coffees&#8221; first_page=&#8221;false&#8221; last_page=&#8221;false&#8221; sidebar=&#8221;sidebar-1&#8243;][vc_column][mk_padding_divider size=&#8221;160&#8243;][\/vc_column][\/mk_page_section][vc_row fullwidth=&#8221;true&#8221; fullwidth_content=&#8221;false&#8221; id=&#8221;contact&#8221; css=&#8221;.vc_custom_1473236204296{background-color: #001959 !important;}&#8221;][vc_column][mk_padding_divider size=&#8221;160&#8243;][vc_column_text]\n<h2 style=\"text-align: center;\"><span style=\"color: #ffffff;\">Contatto ufficio vendite germania:\u00a0<\/span><\/h2>\n[\/vc_column_text][vc_row_inner][vc_column_inner width=&#8221;1\/4&#8243;][mk_font_icons icon=&#8221;mk-li-pinmap&#8221; color=&#8221;#dd9933&#8243; size=&#8221;large&#8221;][vc_column_text]<span style=\"color: #ffffff;\">Lavendelweg 16<\/span><br \/>\n<span style=\"color: #ffffff;\">60433 Frankfurt<\/span>[\/vc_column_text][\/vc_column_inner][vc_column_inner width=&#8221;1\/4&#8243;][mk_font_icons icon=&#8221;mk-li-call&#8221; color=&#8221;#dd9933&#8243; size=&#8221;large&#8221;][vc_column_text]<span style=\"color: #ffffff;\">tel\u00a0<a style=\"color: #ffffff;\" href=\"tel:+496995294708\">+49 69\/ 952947-08\u00a0<\/a><\/span><br \/>\n<span style=\"color: #ffffff;\">fax +49 69\/ 952947-09<\/span>[\/vc_column_text][\/vc_column_inner][vc_column_inner width=&#8221;1\/4&#8243;][mk_font_icons icon=&#8221;mk-li-mail&#8221; color=&#8221;#dd9933&#8243; size=&#8221;large&#8221;][vc_column_text]<a style=\"color: #ffffff;\" href=\"mailto:info@espresso0039.de\">info (at) espresso0039.de\u00a0<\/a>[\/vc_column_text][\/vc_column_inner][vc_column_inner width=&#8221;1\/4&#8243;][mk_font_icons icon=&#8221;mk-li-user&#8221; color=&#8221;#dd9933&#8243; size=&#8221;large&#8221;][vc_column_text]<span style=\"color: #ffffff;\">Hr.\u00a0Mandatori<\/span>[\/vc_column_text][\/vc_column_inner][\/vc_row_inner][vc_gmaps link=&#8221;#E-8_JTNDaWZyYW1lJTIwc3JjJTNEJTIyaHR0cHMlM0ElMkYlMkZ3d3cuZ29vZ2xlLmNvbSUyRm1hcHMlMkZlbWJlZCUzRnBiJTNEJTIxMW0xOCUyMTFtMTIlMjExbTMlMjExZDI1NTUuODA5OTk5MzEwNDMyNCUyMTJkOC42ODE1MDEzMTU3MjEwNjYlMjEzZDUwLjE2NDY4OTk3OTQzNjk4NiUyMTJtMyUyMTFmMCUyMTJmMCUyMTNmMCUyMTNtMiUyMTFpMTAyNCUyMTJpNzY4JTIxNGYxMy4xJTIxM20zJTIxMW0yJTIxMXMweDQ3YmQwOGNiMzZkMTY0NmYlMjUzQTB4N2Q2YTMyYzQyNGI5ZGIwMiUyMTJzTGF2ZW5kZWx3ZWclMkIxNiUyNTJDJTJCNjA0MzMlMkJGcmFua2Z1cnQlMkJhbSUyQk1haW4lMjE1ZTAlMjEzbTIlMjExc2RlJTIxMnNkZSUyMTR2MTQ3MjgxMTQ3Njc0NyUyMiUyMHdpZHRoJTNEJTIyNjAwJTIyJTIwaGVpZ2h0JTNEJTIyMjUwJTIyJTIwZnJhbWVib3JkZXIlM0QlMjIwJTIyJTIwc3R5bGUlM0QlMjJib3JkZXIlM0EwJTIyJTIwYWxsb3dmdWxsc2NyZWVuJTNFJTNDJTJGaWZyYW1lJTNF&#8221; css=&#8221;.vc_custom_1472817286557{margin-top: 30px !important;}&#8221;][\/vc_column][\/vc_row]\n<\/div>","protected":false},"excerpt":{"rendered":"<p>[mk_page_section bg_image=&#8221;https:\/\/www.espresso0039.de\/wp-content\/uploads\/2016\/09\/start6.jpg&#8221; bg_repeat=&#8221;no-repeat&#8221; bg_stretch=&#8221;true&#8221; min_height=&#8221;0&#8243; full_height=&#8221;true&#8221; padding_top=&#8221;200&#8243; padding_bottom=&#8221;60&#8243; first_page=&#8221;false&#8221; last_page=&#8221;false&#8221; sidebar=&#8221;sidebar-1&#8243;][vc_column][vc_single_image image=&#8221;5360&#8243; img_size=&#8221;600&#215;419&#8243; alignment=&#8221;center&#8221;][\/vc_column][\/mk_page_section][mk_page_section bg_image=&#8221;https:\/\/www.espresso0039.de\/wp-content\/uploads\/2016\/09\/bild2a.jpg&#8221; bg_repeat=&#8221;no-repeat&#8221; bg_stretch=&#8221;true&#8221; min_height=&#8221;0&#8243; full_height=&#8221;true&#8221; padding_top=&#8221;200&#8243; padding_bottom=&#8221;60&#8243; first_page=&#8221;false&#8221; last_page=&#8221;false&#8221; sidebar=&#8221;sidebar-1&#8243;][vc_column][vc_column_text align=&#8221;center&#8221;][\/vc_column_text][vc_row_inner][vc_column_inner width=&#8221;1\/2&#8243;][\/vc_column_inner][vc_column_inner width=&#8221;1\/2&#8243; css=&#8221;.vc_custom_1473234178241{background-color: #ffffff !important;}&#8221;][vc_column_text] &#8220;MEET YOUR COFFEE&#8221;\u00a0 incontriamoci &#8230;incontriamoci a casa, al bar, in ltalia o all&#8217; estero. Connessi alla vera cultura dell\u2019espresso tutta Made in ltaly.[\/vc_column_text][\/vc_column_inner][\/vc_row_inner][\/vc_column][\/mk_page_section][vc_row attached=&#8221;true&#8221; column_padding=&#8221;3&#8243; [&hellip;]<\/p>\n","protected":false},"author":3,"featured_media":0,"parent":0,"menu_order":1,"comment_status":"open","ping_status":"open","template":"","meta":{"footnotes":""},"class_list":["post-5301","page","type-page","status-publish","hentry"],"_links":{"self":[{"href":"https:\/\/www.espresso0039.de\/it\/wp-json\/wp\/v2\/pages\/5301","targetHints":{"allow":["GET"]}}],"collection":[{"href":"https:\/\/www.espresso0039.de\/it\/wp-json\/wp\/v2\/pages"}],"about":[{"href":"https:\/\/www.espresso0039.de\/it\/wp-json\/wp\/v2\/types\/page"}],"author":[{"embeddable":true,"href":"https:\/\/www.espresso0039.de\/it\/wp-json\/wp\/v2\/users\/3"}],"replies":[{"embeddable":true,"href":"https:\/\/www.espresso0039.de\/it\/wp-json\/wp\/v2\/comments?post=5301"}],"version-history":[{"count":28,"href":"https:\/\/www.espresso0039.de\/it\/wp-json\/wp\/v2\/pages\/5301\/revisions"}],"predecessor-version":[{"id":5468,"href":"https:\/\/www.espresso0039.de\/it\/wp-json\/wp\/v2\/pages\/5301\/revisions\/5468"}],"wp:attachment":[{"href":"https:\/\/www.espresso0039.de\/it\/wp-json\/wp\/v2\/media?parent=5301"}],"curies":[{"name":"wp","href":"https:\/\/api.w.org\/{rel}","templated":true}]}}